{"id":1249,"date":"2024-02-02T19:10:19","date_gmt":"2024-02-02T19:10:19","guid":{"rendered":"https:\/\/thekeyservices.es\/?post_type=propiedades&#038;p=1249"},"modified":"2026-04-03T15:44:12","modified_gmt":"2026-04-03T15:44:12","slug":"villa-carrio","status":"publish","type":"propiedades","link":"https:\/\/thekeyservices.es\/fr\/propiedades\/villa-carrio\/","title":{"rendered":"VILLA CARRI\u00d3 \u2013 VENDUE"},"content":{"rendered":"<p>Villa exceptionnelle \u00e0 Calpe ! Avec 1 568 m\u00e8tres de terrain et 250 m\u00e8tres carr\u00e9s de construction \u00e9l\u00e9gante, cette maison de deux \u00e9tages. L&#039;\u00e9tage principal avec un grand salon, accompagn\u00e9 d&#039;un confortable bureau dans le hall. La cuisine, moderne et enti\u00e8rement \u00e9quip\u00e9e. Une touche de luxe se retrouve dans la spacieuse chambre principale avec walk-in et salle de bain priv\u00e9e. De plus, l&#039;\u00e9tage s&#039;ouvre sur d&#039;\u00e9normes terrasses qui entourent la propri\u00e9t\u00e9, offrant de multiples acc\u00e8s \u00e0 l&#039;ext\u00e9rieur, dont un direct \u00e0 l&#039;impressionnante piscine.<\/p>\n<p>L&#039;\u00e9tage inf\u00e9rieur abrite un garage g\u00e9n\u00e9reux et un appartement complet avec deux chambres, deux salles de bains et une salle \u00e0 manger avec kitchenette. L&#039;ensemble de l&#039;appartement est expos\u00e9 plein sud, offrant un acc\u00e8s direct \u00e0 un jardin arbor\u00e9.<\/p>\n<p>Avec une entr\u00e9e priv\u00e9e, cette r\u00e9sidence offre un grand espace pour les v\u00e9hicules et une exp\u00e9rience de vie exclusive. Id\u00e9ale aussi bien comme r\u00e9sidence permanente que pour location temporaire, cette propri\u00e9t\u00e9 est strat\u00e9giquement situ\u00e9e \u00e0 seulement 1 km de la mer et \u00e0 proximit\u00e9 des services qu&#039;offre Calpe. Vivez le luxe et le confort dans cette maison qui est bien plus qu&#039;une maison, c&#039;est un style de vie.<\/p>\n<p>&nbsp;<\/p>\n<p><strong>CARACT\u00c9RISTIQUES:<\/strong><\/p>\n<ul>\n<li>3 chambres<\/li>\n<li>4 salles de bains<\/li>\n<li>Syst\u00e8me divis\u00e9<\/li>\n<li>Piscine<\/li>\n<li>Terrasse<\/li>\n<li>parking<\/li>\n<\/ul>\n<p>&nbsp;<\/p>\n<p><strong>VENDU<\/strong><\/p>","protected":false},"featured_media":1250,"template":"","venta-o-alquiler":[22],"categoria-de-propiedad":[5],"class_list":["post-1249","propiedades","type-propiedades","status-publish","has-post-thumbnail","hentry","venta-o-alquiler-venta","categoria-de-propiedad-villas"],"yoast_head":"<!-- This site is optimized with the Yoast SEO Premium plugin v22.7 (Yoast SEO v27.4) - https:\/\/yoast.com\/product\/yoast-seo-premium-wordpress\/ -->\n<title>VILLA CARRI\u00d3 - VENDIDA - The Key Services<\/title>\n<meta name=\"robots\" content=\"index, follow, max-snippet:-1, max-image-preview:large, max-video-preview:-1\" \/>\n<link rel=\"canonical\" href=\"https:\/\/thekeyservices.es\/fr\/propiedades\/villa-carrio\/\" \/>\n<meta property=\"og:locale\" content=\"fr_FR\" \/>\n<meta property=\"og:type\" content=\"article\" \/>\n<meta property=\"og:title\" content=\"VILLA CARRI\u00d3 - VENDIDA\" \/>\n<meta property=\"og:description\" content=\"\u00a1Excepcional chalet en Calpe! Con 1568 metros de terreno y 250 metros cuadrados de elegante construcci\u00f3n, esta casa de dos alturas. La planta principal con un amplio sal\u00f3n comedor, acompa\u00f1ado de un acogedor despacho en el hall. La cocina, moderna y totalmente equipada. Un toque de lujo se encuentra en la espaciosa habitaci\u00f3n principal con [&hellip;]\" \/>\n<meta property=\"og:url\" content=\"https:\/\/thekeyservices.es\/fr\/propiedades\/villa-carrio\/\" \/>\n<meta property=\"og:site_name\" content=\"The Key Services\" \/>\n<meta property=\"article:publisher\" content=\"https:\/\/www.facebook.com\/thekeyservices\/?locale=hi_IN\" \/>\n<meta property=\"article:modified_time\" content=\"2026-04-03T15:44:12+00:00\" \/>\n<meta property=\"og:image\" content=\"https:\/\/thekeyservices.es\/wp-content\/uploads\/2024\/02\/IMG_2937.jpg\" \/>\n\t<meta property=\"og:image:width\" content=\"1600\" \/>\n\t<meta property=\"og:image:height\" content=\"1068\" \/>\n\t<meta property=\"og:image:type\" content=\"image\/jpeg\" \/>\n<meta name=\"twitter:card\" content=\"summary_large_image\" \/>\n<meta name=\"twitter:label1\" content=\"Dur\u00e9e de lecture estim\u00e9e\" \/>\n\t<meta name=\"twitter:data1\" content=\"2 minutes\" \/>\n<script type=\"application\/ld+json\" class=\"yoast-schema-graph\">{\"@context\":\"https:\\\/\\\/schema.org\",\"@graph\":[{\"@type\":\"WebPage\",\"@id\":\"https:\\\/\\\/thekeyservices.es\\\/propiedades\\\/villa-carrio\\\/\",\"url\":\"https:\\\/\\\/thekeyservices.es\\\/propiedades\\\/villa-carrio\\\/\",\"name\":\"VILLA CARRI\u00d3 - VENDIDA - The Key Services\",\"isPartOf\":{\"@id\":\"https:\\\/\\\/thekeyservices.es\\\/#website\"},\"primaryImageOfPage\":{\"@id\":\"https:\\\/\\\/thekeyservices.es\\\/propiedades\\\/villa-carrio\\\/#primaryimage\"},\"image\":{\"@id\":\"https:\\\/\\\/thekeyservices.es\\\/propiedades\\\/villa-carrio\\\/#primaryimage\"},\"thumbnailUrl\":\"https:\\\/\\\/thekeyservices.es\\\/wp-content\\\/uploads\\\/2024\\\/02\\\/IMG_2937.jpg\",\"datePublished\":\"2024-02-02T19:10:19+00:00\",\"dateModified\":\"2026-04-03T15:44:12+00:00\",\"breadcrumb\":{\"@id\":\"https:\\\/\\\/thekeyservices.es\\\/propiedades\\\/villa-carrio\\\/#breadcrumb\"},\"inLanguage\":\"fr-FR\",\"potentialAction\":[{\"@type\":\"ReadAction\",\"target\":[\"https:\\\/\\\/thekeyservices.es\\\/propiedades\\\/villa-carrio\\\/\"]}]},{\"@type\":\"ImageObject\",\"inLanguage\":\"fr-FR\",\"@id\":\"https:\\\/\\\/thekeyservices.es\\\/propiedades\\\/villa-carrio\\\/#primaryimage\",\"url\":\"https:\\\/\\\/thekeyservices.es\\\/wp-content\\\/uploads\\\/2024\\\/02\\\/IMG_2937.jpg\",\"contentUrl\":\"https:\\\/\\\/thekeyservices.es\\\/wp-content\\\/uploads\\\/2024\\\/02\\\/IMG_2937.jpg\",\"width\":1600,\"height\":1068},{\"@type\":\"BreadcrumbList\",\"@id\":\"https:\\\/\\\/thekeyservices.es\\\/propiedades\\\/villa-carrio\\\/#breadcrumb\",\"itemListElement\":[{\"@type\":\"ListItem\",\"position\":1,\"name\":\"Portada\",\"item\":\"https:\\\/\\\/thekeyservices.es\\\/\"},{\"@type\":\"ListItem\",\"position\":2,\"name\":\"Propiedades\",\"item\":\"https:\\\/\\\/thekeyservices.es\\\/propiedades\\\/\"},{\"@type\":\"ListItem\",\"position\":3,\"name\":\"VILLA CARRI\u00d3 &#8211; VENDIDA\"}]},{\"@type\":\"WebSite\",\"@id\":\"https:\\\/\\\/thekeyservices.es\\\/#website\",\"url\":\"https:\\\/\\\/thekeyservices.es\\\/\",\"name\":\"The Key Services\",\"description\":\"Alquiler Vacacional en Calpe y Alrededores\",\"publisher\":{\"@id\":\"https:\\\/\\\/thekeyservices.es\\\/#organization\"},\"potentialAction\":[{\"@type\":\"SearchAction\",\"target\":{\"@type\":\"EntryPoint\",\"urlTemplate\":\"https:\\\/\\\/thekeyservices.es\\\/?s={search_term_string}\"},\"query-input\":{\"@type\":\"PropertyValueSpecification\",\"valueRequired\":true,\"valueName\":\"search_term_string\"}}],\"inLanguage\":\"fr-FR\"},{\"@type\":\"Organization\",\"@id\":\"https:\\\/\\\/thekeyservices.es\\\/#organization\",\"name\":\"The Key Services\",\"url\":\"https:\\\/\\\/thekeyservices.es\\\/\",\"logo\":{\"@type\":\"ImageObject\",\"inLanguage\":\"fr-FR\",\"@id\":\"https:\\\/\\\/thekeyservices.es\\\/#\\\/schema\\\/logo\\\/image\\\/\",\"url\":\"https:\\\/\\\/thekeyservices.es\\\/wp-content\\\/uploads\\\/2023\\\/11\\\/the-key-logo-calpe.png\",\"contentUrl\":\"https:\\\/\\\/thekeyservices.es\\\/wp-content\\\/uploads\\\/2023\\\/11\\\/the-key-logo-calpe.png\",\"width\":600,\"height\":300,\"caption\":\"The Key Services\"},\"image\":{\"@id\":\"https:\\\/\\\/thekeyservices.es\\\/#\\\/schema\\\/logo\\\/image\\\/\"},\"sameAs\":[\"https:\\\/\\\/www.facebook.com\\\/thekeyservices\\\/?locale=hi_IN\",\"https:\\\/\\\/www.instagram.com\\\/thekeyservices\\\/?hl=es\"]}]}<\/script>\n<!-- \/ Yoast SEO Premium plugin. -->","yoast_head_json":{"title":"VILLA CARRI\u00d3 - VENDIDA - The Key Services","robots":{"index":"index","follow":"follow","max-snippet":"max-snippet:-1","max-image-preview":"max-image-preview:large","max-video-preview":"max-video-preview:-1"},"canonical":"https:\/\/thekeyservices.es\/fr\/propiedades\/villa-carrio\/","og_locale":"fr_FR","og_type":"article","og_title":"VILLA CARRI\u00d3 - VENDIDA","og_description":"\u00a1Excepcional chalet en Calpe! Con 1568 metros de terreno y 250 metros cuadrados de elegante construcci\u00f3n, esta casa de dos alturas. La planta principal con un amplio sal\u00f3n comedor, acompa\u00f1ado de un acogedor despacho en el hall. La cocina, moderna y totalmente equipada. Un toque de lujo se encuentra en la espaciosa habitaci\u00f3n principal con [&hellip;]","og_url":"https:\/\/thekeyservices.es\/fr\/propiedades\/villa-carrio\/","og_site_name":"The Key Services","article_publisher":"https:\/\/www.facebook.com\/thekeyservices\/?locale=hi_IN","article_modified_time":"2026-04-03T15:44:12+00:00","og_image":[{"width":1600,"height":1068,"url":"https:\/\/thekeyservices.es\/wp-content\/uploads\/2024\/02\/IMG_2937.jpg","type":"image\/jpeg"}],"twitter_card":"summary_large_image","twitter_misc":{"Dur\u00e9e de lecture estim\u00e9e":"2 minutes"},"schema":{"@context":"https:\/\/schema.org","@graph":[{"@type":"WebPage","@id":"https:\/\/thekeyservices.es\/propiedades\/villa-carrio\/","url":"https:\/\/thekeyservices.es\/propiedades\/villa-carrio\/","name":"VILLA CARRI\u00d3 - VENDIDA - The Key Services","isPartOf":{"@id":"https:\/\/thekeyservices.es\/#website"},"primaryImageOfPage":{"@id":"https:\/\/thekeyservices.es\/propiedades\/villa-carrio\/#primaryimage"},"image":{"@id":"https:\/\/thekeyservices.es\/propiedades\/villa-carrio\/#primaryimage"},"thumbnailUrl":"https:\/\/thekeyservices.es\/wp-content\/uploads\/2024\/02\/IMG_2937.jpg","datePublished":"2024-02-02T19:10:19+00:00","dateModified":"2026-04-03T15:44:12+00:00","breadcrumb":{"@id":"https:\/\/thekeyservices.es\/propiedades\/villa-carrio\/#breadcrumb"},"inLanguage":"fr-FR","potentialAction":[{"@type":"ReadAction","target":["https:\/\/thekeyservices.es\/propiedades\/villa-carrio\/"]}]},{"@type":"ImageObject","inLanguage":"fr-FR","@id":"https:\/\/thekeyservices.es\/propiedades\/villa-carrio\/#primaryimage","url":"https:\/\/thekeyservices.es\/wp-content\/uploads\/2024\/02\/IMG_2937.jpg","contentUrl":"https:\/\/thekeyservices.es\/wp-content\/uploads\/2024\/02\/IMG_2937.jpg","width":1600,"height":1068},{"@type":"BreadcrumbList","@id":"https:\/\/thekeyservices.es\/propiedades\/villa-carrio\/#breadcrumb","itemListElement":[{"@type":"ListItem","position":1,"name":"Portada","item":"https:\/\/thekeyservices.es\/"},{"@type":"ListItem","position":2,"name":"Propiedades","item":"https:\/\/thekeyservices.es\/propiedades\/"},{"@type":"ListItem","position":3,"name":"VILLA CARRI\u00d3 &#8211; VENDIDA"}]},{"@type":"WebSite","@id":"https:\/\/thekeyservices.es\/#website","url":"https:\/\/thekeyservices.es\/","name":"Les services cl\u00e9s","description":"Locations de vacances \u00e0 Calpe et dans les environs","publisher":{"@id":"https:\/\/thekeyservices.es\/#organization"},"potentialAction":[{"@type":"SearchAction","target":{"@type":"EntryPoint","urlTemplate":"https:\/\/thekeyservices.es\/?s={search_term_string}"},"query-input":{"@type":"PropertyValueSpecification","valueRequired":true,"valueName":"search_term_string"}}],"inLanguage":"fr-FR"},{"@type":"Organization","@id":"https:\/\/thekeyservices.es\/#organization","name":"Les services cl\u00e9s","url":"https:\/\/thekeyservices.es\/","logo":{"@type":"ImageObject","inLanguage":"fr-FR","@id":"https:\/\/thekeyservices.es\/#\/schema\/logo\/image\/","url":"https:\/\/thekeyservices.es\/wp-content\/uploads\/2023\/11\/the-key-logo-calpe.png","contentUrl":"https:\/\/thekeyservices.es\/wp-content\/uploads\/2023\/11\/the-key-logo-calpe.png","width":600,"height":300,"caption":"The Key Services"},"image":{"@id":"https:\/\/thekeyservices.es\/#\/schema\/logo\/image\/"},"sameAs":["https:\/\/www.facebook.com\/thekeyservices\/?locale=hi_IN","https:\/\/www.instagram.com\/thekeyservices\/?hl=es"]}]}},"_links":{"self":[{"href":"https:\/\/thekeyservices.es\/fr\/wp-json\/wp\/v2\/propiedades\/1249","targetHints":{"allow":["GET"]}}],"collection":[{"href":"https:\/\/thekeyservices.es\/fr\/wp-json\/wp\/v2\/propiedades"}],"about":[{"href":"https:\/\/thekeyservices.es\/fr\/wp-json\/wp\/v2\/types\/propiedades"}],"wp:featuredmedia":[{"embeddable":true,"href":"https:\/\/thekeyservices.es\/fr\/wp-json\/wp\/v2\/media\/1250"}],"wp:attachment":[{"href":"https:\/\/thekeyservices.es\/fr\/wp-json\/wp\/v2\/media?parent=1249"}],"wp:term":[{"taxonomy":"venta-o-alquiler","embeddable":true,"href":"https:\/\/thekeyservices.es\/fr\/wp-json\/wp\/v2\/venta-o-alquiler?post=1249"},{"taxonomy":"categoria-de-propiedad","embeddable":true,"href":"https:\/\/thekeyservices.es\/fr\/wp-json\/wp\/v2\/categoria-de-propiedad?post=1249"}],"curies":[{"name":"wp","href":"https:\/\/api.w.org\/{rel}","templated":true}]}}