{"id":158,"date":"2023-11-06T07:02:53","date_gmt":"2023-11-06T07:02:53","guid":{"rendered":"https:\/\/thekeyservices.es\/?post_type=propiedades&#038;p=158"},"modified":"2025-03-14T15:18:15","modified_gmt":"2025-03-14T15:18:15","slug":"villa-mediterranean","status":"publish","type":"propiedades","link":"https:\/\/thekeyservices.es\/fr\/propiedades\/villa-mediterranean\/","title":{"rendered":"Villa m\u00e9diterran\u00e9enne"},"content":{"rendered":"<p>Bienvenue \u00e0 Villa Rocas, une extraordinaire villa de luxe situ\u00e9e dans le prestigieux quartier de Carri\u00f3, \u00e0 Calpe. Avec sa vue imprenable sur les deux plages qui rejoignent le Pe\u00f1\u00f3n de Ifach, cette villa offre un cadre serein et tranquille pour vos vacances proche de la mer. Disposant de 5 grandes chambres, dont une au rez-de-chauss\u00e9e avec acc\u00e8s direct \u00e0 la piscine, la Villa Rocas vous propose amplement d&#039;espace pour la d\u00e9tente et l&#039;intimit\u00e9. Sortez et d\u00e9couvrez l&#039;espace ext\u00e9rieur confortable, avec une charmante terrasse et un bel espace ext\u00e9rieur qui entoure toute la propri\u00e9t\u00e9.<\/p>\n<p>Con\u00e7ue avec de grandes fen\u00eatres, la Villa Rocas vous permet de vous immerger dans des couchers de soleil fascinants et de profiter de la douce brise matinale. Le d\u00e9cor chaleureux d&#039;inspiration m\u00e9diterran\u00e9enne de la villa cr\u00e9e une atmosph\u00e8re accueillante qui vous fera vous sentir instantan\u00e9ment chez vous.<\/p>\n<p>Villa Rocas est la destination d\u00e9finitive pour des vacances inoubliables \u00e0 Calpe. Que vous recherchiez la d\u00e9tente, l&#039;aventure ou les deux, cette villa vous offre la base id\u00e9ale pour votre escapade m\u00e9diterran\u00e9enne.<\/p>\n<p>R\u00e9servez votre s\u00e9jour \u00e0 la Villa Rocas d\u00e8s aujourd&#039;hui et embarquez pour un incroyable voyage de luxe et de tranquillit\u00e9.<\/p>\n<p><strong>CARACT\u00c9RISTIQUES:<\/strong><\/p>\n<ul>\n<li>5 Chambres<\/li>\n<li>4 salles de bains<\/li>\n<li>Syst\u00e8me divis\u00e9<\/li>\n<li>Piscine<\/li>\n<li>Terrasse<\/li>\n<li>Garage<\/li>\n<li>Wifi<\/li>\n<\/ul>\n<p>&nbsp;<\/p>\n<p><strong>Prix de vente : A partir de 1 750 000 \u20ac. \u00a0<a href=\"https:\/\/thekeyservices.es\/wp-content\/uploads\/2024\/02\/Las-Rocas-ES-3_compressed.pdf\">Voir conditions<\/a><\/strong><\/p>","protected":false},"featured_media":165,"template":"","venta-o-alquiler":[13,22],"categoria-de-propiedad":[5],"class_list":["post-158","propiedades","type-propiedades","status-publish","has-post-thumbnail","hentry","venta-o-alquiler-alquiler","venta-o-alquiler-venta","categoria-de-propiedad-villas"],"yoast_head":"<!-- This site is optimized with the Yoast SEO Premium plugin v22.7 (Yoast SEO v27.4) - https:\/\/yoast.com\/product\/yoast-seo-premium-wordpress\/ -->\n<title>Villa Mediterranean - The Key Services<\/title>\n<meta name=\"robots\" content=\"index, follow, max-snippet:-1, max-image-preview:large, max-video-preview:-1\" \/>\n<link rel=\"canonical\" href=\"https:\/\/thekeyservices.es\/fr\/propiedades\/villa-mediterranean\/\" \/>\n<meta property=\"og:locale\" content=\"fr_FR\" \/>\n<meta property=\"og:type\" content=\"article\" \/>\n<meta property=\"og:title\" content=\"Villa Mediterranean\" \/>\n<meta property=\"og:description\" content=\"Bienvenido a Villa Rocas, una extraordinaria villa de lujo situada en la prestigiosa zona de Carri\u00f3, en Calpe. Con sus impresionantes vistas a ambas playas que juntan en el Pe\u00f1\u00f3n de Ifach, esta villa ofrece un entorno sereno y tranquilo para tus vacaciones cerca del mar.Con 5 amplios dormitorios, incluyendo uno en la planta baja [&hellip;]\" \/>\n<meta property=\"og:url\" content=\"https:\/\/thekeyservices.es\/fr\/propiedades\/villa-mediterranean\/\" \/>\n<meta property=\"og:site_name\" content=\"The Key Services\" \/>\n<meta property=\"article:publisher\" content=\"https:\/\/www.facebook.com\/thekeyservices\/?locale=hi_IN\" \/>\n<meta property=\"article:modified_time\" content=\"2025-03-14T15:18:15+00:00\" \/>\n<meta property=\"og:image\" content=\"https:\/\/thekeyservices.es\/wp-content\/uploads\/2023\/08\/Rocas-19.jpg\" \/>\n\t<meta property=\"og:image:width\" content=\"1000\" \/>\n\t<meta property=\"og:image:height\" content=\"1000\" \/>\n\t<meta property=\"og:image:type\" content=\"image\/jpeg\" \/>\n<meta name=\"twitter:card\" content=\"summary_large_image\" \/>\n<meta name=\"twitter:label1\" content=\"Dur\u00e9e de lecture estim\u00e9e\" \/>\n\t<meta name=\"twitter:data1\" content=\"2 minutes\" \/>\n<script type=\"application\/ld+json\" class=\"yoast-schema-graph\">{\"@context\":\"https:\\\/\\\/schema.org\",\"@graph\":[{\"@type\":\"WebPage\",\"@id\":\"https:\\\/\\\/thekeyservices.es\\\/propiedades\\\/villa-mediterranean\\\/\",\"url\":\"https:\\\/\\\/thekeyservices.es\\\/propiedades\\\/villa-mediterranean\\\/\",\"name\":\"Villa Mediterranean - The Key Services\",\"isPartOf\":{\"@id\":\"https:\\\/\\\/thekeyservices.es\\\/#website\"},\"primaryImageOfPage\":{\"@id\":\"https:\\\/\\\/thekeyservices.es\\\/propiedades\\\/villa-mediterranean\\\/#primaryimage\"},\"image\":{\"@id\":\"https:\\\/\\\/thekeyservices.es\\\/propiedades\\\/villa-mediterranean\\\/#primaryimage\"},\"thumbnailUrl\":\"https:\\\/\\\/thekeyservices.es\\\/wp-content\\\/uploads\\\/2023\\\/08\\\/Rocas-19.jpg\",\"datePublished\":\"2023-11-06T07:02:53+00:00\",\"dateModified\":\"2025-03-14T15:18:15+00:00\",\"breadcrumb\":{\"@id\":\"https:\\\/\\\/thekeyservices.es\\\/propiedades\\\/villa-mediterranean\\\/#breadcrumb\"},\"inLanguage\":\"fr-FR\",\"potentialAction\":[{\"@type\":\"ReadAction\",\"target\":[\"https:\\\/\\\/thekeyservices.es\\\/propiedades\\\/villa-mediterranean\\\/\"]}]},{\"@type\":\"ImageObject\",\"inLanguage\":\"fr-FR\",\"@id\":\"https:\\\/\\\/thekeyservices.es\\\/propiedades\\\/villa-mediterranean\\\/#primaryimage\",\"url\":\"https:\\\/\\\/thekeyservices.es\\\/wp-content\\\/uploads\\\/2023\\\/08\\\/Rocas-19.jpg\",\"contentUrl\":\"https:\\\/\\\/thekeyservices.es\\\/wp-content\\\/uploads\\\/2023\\\/08\\\/Rocas-19.jpg\",\"width\":1000,\"height\":1000},{\"@type\":\"BreadcrumbList\",\"@id\":\"https:\\\/\\\/thekeyservices.es\\\/propiedades\\\/villa-mediterranean\\\/#breadcrumb\",\"itemListElement\":[{\"@type\":\"ListItem\",\"position\":1,\"name\":\"Portada\",\"item\":\"https:\\\/\\\/thekeyservices.es\\\/\"},{\"@type\":\"ListItem\",\"position\":2,\"name\":\"Propiedades\",\"item\":\"https:\\\/\\\/thekeyservices.es\\\/propiedades\\\/\"},{\"@type\":\"ListItem\",\"position\":3,\"name\":\"Villa Mediterranean\"}]},{\"@type\":\"WebSite\",\"@id\":\"https:\\\/\\\/thekeyservices.es\\\/#website\",\"url\":\"https:\\\/\\\/thekeyservices.es\\\/\",\"name\":\"The Key Services\",\"description\":\"Alquiler Vacacional en Calpe y Alrededores\",\"publisher\":{\"@id\":\"https:\\\/\\\/thekeyservices.es\\\/#organization\"},\"potentialAction\":[{\"@type\":\"SearchAction\",\"target\":{\"@type\":\"EntryPoint\",\"urlTemplate\":\"https:\\\/\\\/thekeyservices.es\\\/?s={search_term_string}\"},\"query-input\":{\"@type\":\"PropertyValueSpecification\",\"valueRequired\":true,\"valueName\":\"search_term_string\"}}],\"inLanguage\":\"fr-FR\"},{\"@type\":\"Organization\",\"@id\":\"https:\\\/\\\/thekeyservices.es\\\/#organization\",\"name\":\"The Key Services\",\"url\":\"https:\\\/\\\/thekeyservices.es\\\/\",\"logo\":{\"@type\":\"ImageObject\",\"inLanguage\":\"fr-FR\",\"@id\":\"https:\\\/\\\/thekeyservices.es\\\/#\\\/schema\\\/logo\\\/image\\\/\",\"url\":\"https:\\\/\\\/thekeyservices.es\\\/wp-content\\\/uploads\\\/2023\\\/11\\\/the-key-logo-calpe.png\",\"contentUrl\":\"https:\\\/\\\/thekeyservices.es\\\/wp-content\\\/uploads\\\/2023\\\/11\\\/the-key-logo-calpe.png\",\"width\":600,\"height\":300,\"caption\":\"The Key Services\"},\"image\":{\"@id\":\"https:\\\/\\\/thekeyservices.es\\\/#\\\/schema\\\/logo\\\/image\\\/\"},\"sameAs\":[\"https:\\\/\\\/www.facebook.com\\\/thekeyservices\\\/?locale=hi_IN\",\"https:\\\/\\\/www.instagram.com\\\/thekeyservices\\\/?hl=es\"]}]}<\/script>\n<!-- \/ Yoast SEO Premium plugin. -->","yoast_head_json":{"title":"Villa Mediterranean - The Key Services","robots":{"index":"index","follow":"follow","max-snippet":"max-snippet:-1","max-image-preview":"max-image-preview:large","max-video-preview":"max-video-preview:-1"},"canonical":"https:\/\/thekeyservices.es\/fr\/propiedades\/villa-mediterranean\/","og_locale":"fr_FR","og_type":"article","og_title":"Villa Mediterranean","og_description":"Bienvenido a Villa Rocas, una extraordinaria villa de lujo situada en la prestigiosa zona de Carri\u00f3, en Calpe. Con sus impresionantes vistas a ambas playas que juntan en el Pe\u00f1\u00f3n de Ifach, esta villa ofrece un entorno sereno y tranquilo para tus vacaciones cerca del mar.Con 5 amplios dormitorios, incluyendo uno en la planta baja [&hellip;]","og_url":"https:\/\/thekeyservices.es\/fr\/propiedades\/villa-mediterranean\/","og_site_name":"The Key Services","article_publisher":"https:\/\/www.facebook.com\/thekeyservices\/?locale=hi_IN","article_modified_time":"2025-03-14T15:18:15+00:00","og_image":[{"width":1000,"height":1000,"url":"https:\/\/thekeyservices.es\/wp-content\/uploads\/2023\/08\/Rocas-19.jpg","type":"image\/jpeg"}],"twitter_card":"summary_large_image","twitter_misc":{"Dur\u00e9e de lecture estim\u00e9e":"2 minutes"},"schema":{"@context":"https:\/\/schema.org","@graph":[{"@type":"WebPage","@id":"https:\/\/thekeyservices.es\/propiedades\/villa-mediterranean\/","url":"https:\/\/thekeyservices.es\/propiedades\/villa-mediterranean\/","name":"Villa Mediterranean - The Key Services","isPartOf":{"@id":"https:\/\/thekeyservices.es\/#website"},"primaryImageOfPage":{"@id":"https:\/\/thekeyservices.es\/propiedades\/villa-mediterranean\/#primaryimage"},"image":{"@id":"https:\/\/thekeyservices.es\/propiedades\/villa-mediterranean\/#primaryimage"},"thumbnailUrl":"https:\/\/thekeyservices.es\/wp-content\/uploads\/2023\/08\/Rocas-19.jpg","datePublished":"2023-11-06T07:02:53+00:00","dateModified":"2025-03-14T15:18:15+00:00","breadcrumb":{"@id":"https:\/\/thekeyservices.es\/propiedades\/villa-mediterranean\/#breadcrumb"},"inLanguage":"fr-FR","potentialAction":[{"@type":"ReadAction","target":["https:\/\/thekeyservices.es\/propiedades\/villa-mediterranean\/"]}]},{"@type":"ImageObject","inLanguage":"fr-FR","@id":"https:\/\/thekeyservices.es\/propiedades\/villa-mediterranean\/#primaryimage","url":"https:\/\/thekeyservices.es\/wp-content\/uploads\/2023\/08\/Rocas-19.jpg","contentUrl":"https:\/\/thekeyservices.es\/wp-content\/uploads\/2023\/08\/Rocas-19.jpg","width":1000,"height":1000},{"@type":"BreadcrumbList","@id":"https:\/\/thekeyservices.es\/propiedades\/villa-mediterranean\/#breadcrumb","itemListElement":[{"@type":"ListItem","position":1,"name":"Portada","item":"https:\/\/thekeyservices.es\/"},{"@type":"ListItem","position":2,"name":"Propiedades","item":"https:\/\/thekeyservices.es\/propiedades\/"},{"@type":"ListItem","position":3,"name":"Villa Mediterranean"}]},{"@type":"WebSite","@id":"https:\/\/thekeyservices.es\/#website","url":"https:\/\/thekeyservices.es\/","name":"Les services cl\u00e9s","description":"Locations de vacances \u00e0 Calpe et dans les environs","publisher":{"@id":"https:\/\/thekeyservices.es\/#organization"},"potentialAction":[{"@type":"SearchAction","target":{"@type":"EntryPoint","urlTemplate":"https:\/\/thekeyservices.es\/?s={search_term_string}"},"query-input":{"@type":"PropertyValueSpecification","valueRequired":true,"valueName":"search_term_string"}}],"inLanguage":"fr-FR"},{"@type":"Organization","@id":"https:\/\/thekeyservices.es\/#organization","name":"Les services cl\u00e9s","url":"https:\/\/thekeyservices.es\/","logo":{"@type":"ImageObject","inLanguage":"fr-FR","@id":"https:\/\/thekeyservices.es\/#\/schema\/logo\/image\/","url":"https:\/\/thekeyservices.es\/wp-content\/uploads\/2023\/11\/the-key-logo-calpe.png","contentUrl":"https:\/\/thekeyservices.es\/wp-content\/uploads\/2023\/11\/the-key-logo-calpe.png","width":600,"height":300,"caption":"The Key Services"},"image":{"@id":"https:\/\/thekeyservices.es\/#\/schema\/logo\/image\/"},"sameAs":["https:\/\/www.facebook.com\/thekeyservices\/?locale=hi_IN","https:\/\/www.instagram.com\/thekeyservices\/?hl=es"]}]}},"_links":{"self":[{"href":"https:\/\/thekeyservices.es\/fr\/wp-json\/wp\/v2\/propiedades\/158","targetHints":{"allow":["GET"]}}],"collection":[{"href":"https:\/\/thekeyservices.es\/fr\/wp-json\/wp\/v2\/propiedades"}],"about":[{"href":"https:\/\/thekeyservices.es\/fr\/wp-json\/wp\/v2\/types\/propiedades"}],"wp:featuredmedia":[{"embeddable":true,"href":"https:\/\/thekeyservices.es\/fr\/wp-json\/wp\/v2\/media\/165"}],"wp:attachment":[{"href":"https:\/\/thekeyservices.es\/fr\/wp-json\/wp\/v2\/media?parent=158"}],"wp:term":[{"taxonomy":"venta-o-alquiler","embeddable":true,"href":"https:\/\/thekeyservices.es\/fr\/wp-json\/wp\/v2\/venta-o-alquiler?post=158"},{"taxonomy":"categoria-de-propiedad","embeddable":true,"href":"https:\/\/thekeyservices.es\/fr\/wp-json\/wp\/v2\/categoria-de-propiedad?post=158"}],"curies":[{"name":"wp","href":"https:\/\/api.w.org\/{rel}","templated":true}]}}